{"id":178,"date":"2023-05-30T17:41:16","date_gmt":"2023-05-30T15:41:16","guid":{"rendered":"https:\/\/andrea-belegante.de\/?page_id=178"},"modified":"2023-06-13T19:13:11","modified_gmt":"2023-06-13T17:13:11","slug":"kontakt","status":"publish","type":"page","link":"https:\/\/andrea-belegante.de\/?page_id=178","title":{"rendered":"Kontakt"},"content":{"rendered":"<p>[et_pb_section fb_built=&#8220;1&#8243; fullwidth=&#8220;on&#8220; disabled_on=&#8220;on|on|off&#8220; _builder_version=&#8220;4.21.0&#8243; _module_preset=&#8220;default&#8220; global_colors_info=&#8220;{}&#8220;][et_pb_fullwidth_slider disabled_on=&#8220;on|on|off&#8220; _builder_version=&#8220;4.21.0&#8243; _module_preset=&#8220;default&#8220; background_image=&#8220;https:\/\/andrea-belegante.de\/wp-content\/uploads\/2023\/05\/AB_Header_LinkedIn-1.jpg&#8220; text_orientation=&#8220;left&#8220; global_colors_info=&#8220;{}&#8220;][et_pb_slide heading=&#8220;KONTAKT&#8220; _builder_version=&#8220;4.21.0&#8243; _module_preset=&#8220;default&#8220; header_font_size=&#8220;100px&#8220; background_image=&#8220;https:\/\/andrea-belegante.de\/wp-content\/uploads\/2023\/05\/slider-krise.jpg&#8220; background_enable_image=&#8220;on&#8220; global_colors_info=&#8220;{}&#8220; sticky_transition=&#8220;on&#8220;][\/et_pb_slide][\/et_pb_fullwidth_slider][\/et_pb_section][et_pb_section fb_built=&#8220;1&#8243; _builder_version=&#8220;4.21.0&#8243; _module_preset=&#8220;default&#8220; global_colors_info=&#8220;{}&#8220;][et_pb_row _builder_version=&#8220;4.21.0&#8243; _module_preset=&#8220;default&#8220; global_colors_info=&#8220;{}&#8220;][et_pb_column type=&#8220;4_4&#8243; _builder_version=&#8220;4.21.0&#8243; _module_preset=&#8220;default&#8220; global_colors_info=&#8220;{}&#8220;][et_pb_image src=&#8220;https:\/\/andrea-belegante.de\/wp-content\/uploads\/2023\/05\/mama-handy-schmal-rot-kontakt.jpg&#8220; title_text=&#8220;mama-handy-schmal-rot-kontakt&#8220; disabled_on=&#8220;off|off|on&#8220; _builder_version=&#8220;4.21.0&#8243; _module_preset=&#8220;default&#8220; global_colors_info=&#8220;{}&#8220;][\/et_pb_image][et_pb_text disabled_on=&#8220;on|on|on&#8220; _builder_version=&#8220;4.21.0&#8243; _module_preset=&#8220;default&#8220; disabled=&#8220;on&#8220; global_colors_info=&#8220;{}&#8220;]<\/p>\n<h6>Vortrag, Beratung, Mentoring, Verhandlungsf\u00fchrung,<br \/>Podiumsdiskussion, Moderation.<\/h6>\n<p>[\/et_pb_text][\/et_pb_column][\/et_pb_row][\/et_pb_section][et_pb_section fb_built=&#8220;1&#8243; _builder_version=&#8220;4.21.0&#8243; _module_preset=&#8220;default&#8220; global_colors_info=&#8220;{}&#8220;][et_pb_row _builder_version=&#8220;4.21.0&#8243; _module_preset=&#8220;default&#8220; global_colors_info=&#8220;{}&#8220;][et_pb_column type=&#8220;4_4&#8243; _builder_version=&#8220;4.21.0&#8243; _module_preset=&#8220;default&#8220; global_colors_info=&#8220;{}&#8220;][et_pb_testimonial author=&#8220;Immanuel Kant&#8220; portrait_url=&#8220;https:\/\/andrea-belegante.de\/wp-content\/uploads\/2023\/05\/quadrat-belegante1.jpg&#8220; quote_icon_color=&#8220;#665544&#8243; font_icon=&#8220;&#x3b;||divi||400&#8243; use_icon_font_size=&#8220;on&#8220; admin_label=&#8220;zitat goethe&#8220; _builder_version=&#8220;4.21.0&#8243; _module_preset=&#8220;default&#8220; body_font_size=&#8220;36px&#8220; body_letter_spacing=&#8220;11px&#8220; text_orientation=&#8220;center&#8220; animation_style=&#8220;slide&#8220; global_colors_info=&#8220;{}&#8220;]<\/p>\n<p style=\"text-align: center;\">\u201eHabe Mut, dich deines Verstandes zu bedienen.\u201c<\/p>\n<p>[\/et_pb_testimonial][et_pb_text disabled_on=&#8220;on|on|on&#8220; _builder_version=&#8220;4.21.0&#8243; _module_preset=&#8220;default&#8220; disabled=&#8220;on&#8220; global_colors_info=&#8220;{}&#8220;]<\/p>\n<h1 style=\"text-align: center;\">Mein Ansatz basiert auf l\u00f6sungsorientiertem Denken, Inspiration und dem Austausch von Erfahrungen.<\/h1>\n<p>[\/et_pb_text][\/et_pb_column][\/et_pb_row][\/et_pb_section][et_pb_section fb_built=&#8220;1&#8243; _builder_version=&#8220;4.21.0&#8243; _module_preset=&#8220;default&#8220; global_colors_info=&#8220;{}&#8220;][et_pb_row _builder_version=&#8220;4.21.0&#8243; _module_preset=&#8220;default&#8220; global_colors_info=&#8220;{}&#8220;][et_pb_column type=&#8220;4_4&#8243; _builder_version=&#8220;4.21.0&#8243; _module_preset=&#8220;default&#8220; global_colors_info=&#8220;{}&#8220;][et_pb_text disabled_on=&#8220;on|on|on&#8220; admin_label=&#8220;gro\u00dfe head&#8220; _builder_version=&#8220;4.21.0&#8243; _module_preset=&#8220;default&#8220; disabled=&#8220;on&#8220; global_colors_info=&#8220;{}&#8220;]<\/p>\n<p>Durch meine einzigartige Kombination aus Erfahrungen als Arbeiterkind, Fachanw\u00e4ltin f\u00fcr Arbeitsrecht und meiner Leidenschaft f\u00fcr die Selbst\u00e4ndigkeit habe ich die M\u00f6glichkeit, anderen Menschen dabei zu helfen, erfolgreich zu sein. Mit meinem Fachwissen, meiner F\u00e4higkeit zur Probleml\u00f6sung und meinem Engagement f\u00fcr individuelle Bed\u00fcrfnisse kann ich einen Mehrwert schaffen und dazu beitragen, dass Menschen ihre Ziele verwirklichen und eine erf\u00fcllende berufliche Zukunft erreichen k\u00f6nnen.<\/p>\n<p>[\/et_pb_text][\/et_pb_column][\/et_pb_row][et_pb_row column_structure=&#8220;1_2,1_2&#8243; _builder_version=&#8220;4.21.0&#8243; _module_preset=&#8220;default&#8220; global_colors_info=&#8220;{}&#8220;][et_pb_column type=&#8220;1_2&#8243; _builder_version=&#8220;4.21.0&#8243; _module_preset=&#8220;default&#8220; global_colors_info=&#8220;{}&#8220;][et_pb_divider _builder_version=&#8220;4.21.0&#8243; _module_preset=&#8220;default&#8220; global_colors_info=&#8220;{}&#8220;][\/et_pb_divider][et_pb_text admin_label=&#8220;ausbildung&#8220; _builder_version=&#8220;4.21.0&#8243; _module_preset=&#8220;default&#8220; global_colors_info=&#8220;{}&#8220;]<\/p>\n<p style=\"font-weight: 400; text-align: right;\"><strong>Andrea Belegante<\/strong><\/p>\n<p style=\"font-weight: 400; text-align: right;\">\n<p style=\"font-weight: 400; text-align: right;\">Brandenburger Str. 15<\/p>\n<p style=\"font-weight: 400; text-align: right;\">73730 Esslingen am Neckar<\/p>\n<p style=\"font-weight: 400; text-align: right;\"><a href=\"mailto:andrea@belegante.de\">andrea@belegante.de<\/a><\/p>\n<p style=\"font-weight: 400; text-align: right;\">M: +49 151 141 09 632<\/p>\n<p>[\/et_pb_text][et_pb_divider admin_label=&#8220;Teiler&#8220; _builder_version=&#8220;4.21.0&#8243; _module_preset=&#8220;default&#8220; global_colors_info=&#8220;{}&#8220;][\/et_pb_divider][\/et_pb_column][et_pb_column type=&#8220;1_2&#8243; _builder_version=&#8220;4.21.0&#8243; _module_preset=&#8220;default&#8220; global_colors_info=&#8220;{}&#8220;][et_pb_image src=&#8220;https:\/\/andrea-belegante.de\/wp-content\/uploads\/2023\/05\/Belegante5286.jpg&#8220; title_text=&#8220;Belegante5286&#8243; _builder_version=&#8220;4.21.0&#8243; _module_preset=&#8220;default&#8220; global_colors_info=&#8220;{}&#8220;][\/et_pb_image][\/et_pb_column][\/et_pb_row][et_pb_row _builder_version=&#8220;4.21.0&#8243; _module_preset=&#8220;default&#8220; global_colors_info=&#8220;{}&#8220;][et_pb_column type=&#8220;4_4&#8243; _builder_version=&#8220;4.21.0&#8243; _module_preset=&#8220;default&#8220; global_colors_info=&#8220;{}&#8220;][et_pb_divider _builder_version=&#8220;4.21.0&#8243; _module_preset=&#8220;default&#8220; global_colors_info=&#8220;{}&#8220;][\/et_pb_divider][\/et_pb_column][\/et_pb_row][\/et_pb_section][et_pb_section fb_built=&#8220;1&#8243; disabled_on=&#8220;on|on|on&#8220; _builder_version=&#8220;4.21.0&#8243; _module_preset=&#8220;default&#8220; disabled=&#8220;on&#8220; global_colors_info=&#8220;{}&#8220;][et_pb_row column_structure=&#8220;1_5,1_5,1_5,1_5,1_5&#8243; _builder_version=&#8220;4.21.0&#8243; _module_preset=&#8220;default&#8220; global_colors_info=&#8220;{}&#8220;][et_pb_column type=&#8220;1_5&#8243; _builder_version=&#8220;4.21.0&#8243; _module_preset=&#8220;default&#8220; global_colors_info=&#8220;{}&#8220;][et_pb_toggle title=&#8220;Mentorin&#8220; admin_label=&#8220;mentorin&#8220; _builder_version=&#8220;4.21.0&#8243; _module_preset=&#8220;default&#8220; title_font_size=&#8220;25px&#8220; global_colors_info=&#8220;{}&#8220;]<\/p>\n<p>Nutze meine Erfahrungen auf deinem Karriereweg. Indem du als Mentor agierst, kannst du dein Wissen teilen, Ratschl\u00e4ge geben und Menschen dabei helfen, ihre Ziele zu erreichen.<\/p>\n<p>[\/et_pb_toggle][et_pb_toggle title=&#8220;Podium&#8220; admin_label=&#8220;mentorin&#8220; _builder_version=&#8220;4.21.0&#8243; _module_preset=&#8220;default&#8220; title_font_size=&#8220;25px&#8220; global_colors_info=&#8220;{}&#8220;]<\/p>\n<p>Nutze meine Erfahrungen auf deinem Karriereweg. Indem du als Mentor agierst, kannst du dein Wissen teilen, Ratschl\u00e4ge geben und Menschen dabei helfen, ihre Ziele zu erreichen.<\/p>\n<p>[\/et_pb_toggle][\/et_pb_column][et_pb_column type=&#8220;1_5&#8243; _builder_version=&#8220;4.21.0&#8243; _module_preset=&#8220;default&#8220; global_colors_info=&#8220;{}&#8220;][et_pb_toggle title=&#8220;Vortr\u00e4ge&#8220; _builder_version=&#8220;4.21.0&#8243; _module_preset=&#8220;default&#8220; title_font_size=&#8220;25px&#8220; global_colors_info=&#8220;{}&#8220;]<\/p>\n<p>Vortr\u00e4ge und Workshops zu Themen halten, die mit deiner Expertise und deinen Erfahrungen zusammenh\u00e4ngen. Dabei kannst du praxisnahe Einblicke und wertvolle Ratschl\u00e4ge geben, um anderen dabei zu helfen, erfolgreich zu sein.<\/p>\n<p>[\/et_pb_toggle][et_pb_toggle title=&#8220;Verhandlung&#8220; _builder_version=&#8220;4.21.0&#8243; _module_preset=&#8220;default&#8220; title_font_size=&#8220;22px&#8220; global_colors_info=&#8220;{}&#8220;]<\/p>\n<p>Vortr\u00e4ge und Workshops zu Themen halten, die mit deiner Expertise und deinen Erfahrungen zusammenh\u00e4ngen. Dabei kannst du praxisnahe Einblicke und wertvolle Ratschl\u00e4ge geben, um anderen dabei zu helfen, erfolgreich zu sein.<\/p>\n<p>[\/et_pb_toggle][\/et_pb_column][et_pb_column type=&#8220;1_5&#8243; _builder_version=&#8220;4.21.0&#8243; _module_preset=&#8220;default&#8220; global_colors_info=&#8220;{}&#8220;][et_pb_toggle title=&#8220;Beraterin&#8220; _builder_version=&#8220;4.21.0&#8243; _module_preset=&#8220;default&#8220; title_font_size=&#8220;25px&#8220; global_colors_info=&#8220;{}&#8220;]<\/p>\n<p>als Beraterin t\u00e4tig sein und Unternehmen oder Einzelpersonen dabei unterst\u00fctzen, arbeitsrechtliche Fragen und Herausforderungen zu bew\u00e4ltigen. Durch deine Fachkenntnisse kannst du ihnen dabei helfen, ihre Rechte und Pflichten zu verstehen und die besten Entscheidungen zu treffen.<\/p>\n<p>[\/et_pb_toggle][et_pb_toggle title=&#8220;Recht&#8220; _builder_version=&#8220;4.21.0&#8243; _module_preset=&#8220;default&#8220; title_font_size=&#8220;25px&#8220; global_colors_info=&#8220;{}&#8220;]<\/p>\n<p>als Beraterin t\u00e4tig sein und Unternehmen oder Einzelpersonen dabei unterst\u00fctzen, arbeitsrechtliche Fragen und Herausforderungen zu bew\u00e4ltigen. Durch deine Fachkenntnisse kannst du ihnen dabei helfen, ihre Rechte und Pflichten zu verstehen und die besten Entscheidungen zu treffen.<\/p>\n<p>[\/et_pb_toggle][\/et_pb_column][et_pb_column type=&#8220;1_5&#8243; _builder_version=&#8220;4.21.0&#8243; _module_preset=&#8220;default&#8220; global_colors_info=&#8220;{}&#8220;][et_pb_toggle title=&#8220;Schulungen&#8220; _builder_version=&#8220;4.21.0&#8243; _module_preset=&#8220;default&#8220; title_font_size=&#8220;25px&#8220; global_colors_info=&#8220;{}&#8220;]<\/p>\n<p>Schulungen und Seminare zu arbeitsrechtlichen Themen anbieten, um Unternehmen und Mitarbeitenden dabei zu helfen, sich \u00fcber relevante Gesetze und Bestimmungen zu informieren und ihre Arbeitspraktiken entsprechend anzupassen.<\/p>\n<p>[\/et_pb_toggle][et_pb_toggle title=&#8220;Moderation&#8220; _builder_version=&#8220;4.21.0&#8243; _module_preset=&#8220;default&#8220; title_font_size=&#8220;25px&#8220; global_colors_info=&#8220;{}&#8220;]<\/p>\n<p>Schulungen und Seminare zu arbeitsrechtlichen Themen anbieten, um Unternehmen und Mitarbeitenden dabei zu helfen, sich \u00fcber relevante Gesetze und Bestimmungen zu informieren und ihre Arbeitspraktiken entsprechend anzupassen.<\/p>\n<p>[\/et_pb_toggle][\/et_pb_column][et_pb_column type=&#8220;1_5&#8243; _builder_version=&#8220;4.21.0&#8243; _module_preset=&#8220;default&#8220; global_colors_info=&#8220;{}&#8220;][et_pb_toggle title=&#8220;Karriere&#8220; _builder_version=&#8220;4.21.0&#8243; _module_preset=&#8220;default&#8220; title_font_size=&#8220;25px&#8220; global_colors_info=&#8220;{}&#8220;]<\/p>\n<p>dich darauf spezialisieren, Menschen dabei zu helfen, ihre berufliche Laufbahn zu planen und zu entwickeln. Basierend auf deiner eigenen Erfahrung kannst du individuelle Karriereberatung und Unterst\u00fctzung anbieten.<\/p>\n<p>[\/et_pb_toggle][et_pb_toggle title=&#8220;Frauen&#8220; _builder_version=&#8220;4.21.0&#8243; _module_preset=&#8220;default&#8220; title_font_size=&#8220;25px&#8220; global_colors_info=&#8220;{}&#8220;]<\/p>\n<p>dich darauf spezialisieren, Menschen dabei zu helfen, ihre berufliche Laufbahn zu planen und zu entwickeln. Basierend auf deiner eigenen Erfahrung kannst du individuelle Karriereberatung und Unterst\u00fctzung anbieten.<\/p>\n<p>[\/et_pb_toggle][\/et_pb_column][\/et_pb_row][\/et_pb_section][et_pb_section fb_built=&#8220;1&#8243; disabled_on=&#8220;off|off|off&#8220; _builder_version=&#8220;4.21.0&#8243; _module_preset=&#8220;default&#8220; global_module=&#8220;87&#8243; saved_tabs=&#8220;all&#8220; global_colors_info=&#8220;{}&#8220;][et_pb_row column_structure=&#8220;1_4,1_4,1_4,1_4&#8243; disabled_on=&#8220;off|off|off&#8220; _builder_version=&#8220;4.21.0&#8243; _module_preset=&#8220;default&#8220; global_colors_info=&#8220;{}&#8220;][et_pb_column type=&#8220;1_4&#8243; _builder_version=&#8220;4.21.0&#8243; _module_preset=&#8220;default&#8220; global_colors_info=&#8220;{}&#8220;][et_pb_blurb title=&#8220;VERBANDSMANAGEMENT&#8220; image=&#8220;https:\/\/andrea-belegante.de\/wp-content\/uploads\/2023\/05\/quadrat-v1.jpg&#8220; disabled_on=&#8220;off|off|off&#8220; admin_label=&#8220;verband&#8220; _builder_version=&#8220;4.21.0&#8243; _module_preset=&#8220;default&#8220; header_text_color=&#8220;#E02B20&#8243; header_font_size=&#8220;14px&#8220; header_text_shadow_style=&#8220;preset5&#8243; global_colors_info=&#8220;{}&#8220;]<\/p>\n<p>Durch meine langj\u00e4hrige Erfahrung in der Welt der Verb\u00e4nde sowie in verschiedenen Positionen, die ich erfolgreich durchlaufen habe \u2013 zuletzt als Hauptgesch\u00e4ftsf\u00fchrerin eines deutschlandweit agierenden Arbeitgeber- und Wirtschaftsverbandes \u2013 kenne ich die Strukturen, Bed\u00fcrfnisse, Anforderungen und Besonderheiten von Verb\u00e4nden, sowohl im Haupt- als auch im Ehrenamt. Das erm\u00f6glicht mir, individuelle L\u00f6sungen f\u00fcr eine ma\u00dfgeschneiderte Interessenvertretung und ein Beziehungsmanagement aller beteiligten Akteure auf Augenh\u00f6he, zu erarbeiten. Gerne unterst\u00fctze ich Dich bei einer erfolgreichen Verbandsarbeit und Positionierung gegen\u00fcber Politik, \u00d6ffentlichkeit, Medien oder Gewerkschaften.<\/p>\n<p>Meine Expertise als Tarifverhandlungsf\u00fchrerin auf Arbeitgeberseite, aber auch die erfolgreiche Zusammenarbeit mit der Gewerkschaft in Krisenzeiten, erm\u00f6glichen mir, stets ein ganzheitliches Verst\u00e4ndnis f\u00fcr Sozialpartnerschaft, Arbeitsbeziehungen und gesellschaftliche Aspekte zu haben und dieses gewinnbringend in und f\u00fcr andere Branchen zu transferieren.\u00a0\u00a0<\/p>\n<p>[\/et_pb_blurb][\/et_pb_column][et_pb_column type=&#8220;1_4&#8243; _builder_version=&#8220;4.21.0&#8243; _module_preset=&#8220;default&#8220; global_colors_info=&#8220;{}&#8220;][et_pb_blurb title=&#8220;F\u00dcHRUNGSMANAGEMENT&#8220; image=&#8220;https:\/\/andrea-belegante.de\/wp-content\/uploads\/2023\/05\/quadrat-rot-nn.jpg&#8220; disabled_on=&#8220;off|off|off&#8220; admin_label=&#8220;f\u00fchrung&#8220; _builder_version=&#8220;4.21.0&#8243; _module_preset=&#8220;default&#8220; header_text_color=&#8220;#E02B20&#8243; header_font_size=&#8220;14px&#8220; header_text_shadow_style=&#8220;preset5&#8243; global_colors_info=&#8220;{}&#8220;]<\/p>\n<p>Als F\u00fchrungspers\u00f6nlichkeit, Rechtsanw\u00e4ltin und Macherin kann ich dazu beitragen, Ziele und Strategien zu entwickeln und zu erreichen, Prozesse, Organisationen und Teams effektiv zu koordinieren und zu leiten, arbeitsrechtliche Rahmenbedingungen zu ber\u00fccksichtigen, Ressourcen gewinnbringend einzusetzen und Dich dabei unterst\u00fctzen, Deine Karriere-, Verbands- oder Unternehmensziele zu erreichen.<\/p>\n<p>Meine Expertise als Tarifverhandlungsf\u00fchrerin auf Arbeitgeberseite, aber auch die erfolgreiche Zusammenarbeit mit der Gewerkschaft in Krisenzeiten, erm\u00f6glichen mir, stets ein ganzheitliches Verst\u00e4ndnis f\u00fcr Sozialpartnerschaft, Arbeitsbeziehungen und gesellschaftliche Aspekte zu haben und dieses gewinnbringend in und f\u00fcr andere Branchen zu transferieren.\u00a0\u00a0<\/p>\n<p>[\/et_pb_blurb][\/et_pb_column][et_pb_column type=&#8220;1_4&#8243; _builder_version=&#8220;4.21.0&#8243; _module_preset=&#8220;default&#8220; global_colors_info=&#8220;{}&#8220;][et_pb_blurb title=&#8220;PERSONALMANAGEMENT&#8220; image=&#8220;https:\/\/andrea-belegante.de\/wp-content\/uploads\/2023\/05\/quadrat-personal.jpg&#8220; disabled_on=&#8220;off|off|off&#8220; admin_label=&#8220;personal&#8220; _builder_version=&#8220;4.21.0&#8243; _module_preset=&#8220;default&#8220; header_text_color=&#8220;#E02B20&#8243; header_font_size=&#8220;14px&#8220; header_text_shadow_style=&#8220;preset5&#8243; global_colors_info=&#8220;{}&#8220;]<\/p>\n<p>Gestalten, Verantwortung \u00fcbernehmen, Unternehmen und Menschen zusammenbringen, erfolgreiche Teams bilden und L\u00f6sungen bieten \u2013 das alles biete ich als Partnerin bei Stanton Chase International Stuttgart an. Aufgrund meiner Branchenkenntnisse und Netzwerke bin ich insbesondere f\u00fcr die Bereiche Konsumg\u00fcter, Handel &amp; Dienstleistungen, \u00f6ffentlicher Sektor, Bildung und Non-Profit-Organisationen verantwortlich. Ich unterst\u00fctze Dich als Unternehmens- und Personalberaterin beim Executive Search und biete dar\u00fcber hinaus Board und Executive Assessment Services an. Der Fokus wird dabei auf langfristige Partnerschaften mit den Kunden gesetzt \u2013 den Blick immer auf Vielfalt gerichtet, um die besten Talente zu finden, erfolgreiche Teams aufzubauen und dadurch Mehrwert f\u00fcr Dein Unternehmen zu generieren.<\/p>\n<p>[\/et_pb_blurb][\/et_pb_column][et_pb_column type=&#8220;1_4&#8243; _builder_version=&#8220;4.21.0&#8243; _module_preset=&#8220;default&#8220; global_colors_info=&#8220;{}&#8220;][et_pb_blurb title=&#8220;KRISENMANAGEMENT&#8220; image=&#8220;https:\/\/andrea-belegante.de\/wp-content\/uploads\/2023\/05\/quadrat-krise1.jpg&#8220; disabled_on=&#8220;off|off|off&#8220; admin_label=&#8220;krise&#8220; _builder_version=&#8220;4.21.0&#8243; _module_preset=&#8220;default&#8220; header_text_color=&#8220;#E02B20&#8243; header_font_size=&#8220;14px&#8220; header_text_shadow_style=&#8220;preset5&#8243; global_colors_info=&#8220;{}&#8220;]<\/p>\n<p>\u201eEs ist nicht vergn\u00fcgungssteuerpflichtig, eine Krise zu managen \u2013 aber es ist gut, wenn man es kann.\u201c Das konnte ich sagen, nachdem ich in meiner letzten Position als Hauptgesch\u00e4ftsf\u00fchrerin und Chef-Lobbyistin, unter Einsatz verschiedener Strategien und Instrumenten, eine gesamte Branche erfolgreich durch die Corona-Pandemie gef\u00fchrt habe.<\/p>\n<p>Du kannst von meinen Erfahrungen und Expertise profitieren, m\u00f6gliche Fehler antizipieren und vermeiden, aus Best-Practices lernen und so auch schwierige Zeiten erfolgreich meistern. Resilienz entwickeln, ungew\u00f6hnliche Wege gehen und dabei immer fokussiert bleiben \u2013 nicht einfach, aber mit der richtigen Sparringspartnerin an Deiner Seite \u2013 machbar.<\/p>\n<p>[\/et_pb_blurb][\/et_pb_column][\/et_pb_row][\/et_pb_section][et_pb_section fb_built=&#8220;1&#8243; _builder_version=&#8220;4.21.0&#8243; _module_preset=&#8220;default&#8220; global_colors_info=&#8220;{}&#8220;][et_pb_row _builder_version=&#8220;4.21.0&#8243; _module_preset=&#8220;default&#8220; global_colors_info=&#8220;{}&#8220;][et_pb_column type=&#8220;4_4&#8243; _builder_version=&#8220;4.21.0&#8243; _module_preset=&#8220;default&#8220; global_colors_info=&#8220;{}&#8220;][et_pb_divider _builder_version=&#8220;4.21.0&#8243; _module_preset=&#8220;default&#8220; global_colors_info=&#8220;{}&#8220;][\/et_pb_divider][et_pb_text disabled_on=&#8220;on|off|off&#8220; admin_label=&#8220;call to action &#8211; nimm kontakt auf&#8220; _builder_version=&#8220;4.21.0&#8243; _module_preset=&#8220;default&#8220; link_option_url=&#8220;mailto:andrea@belegante.de&#8220; global_colors_info=&#8220;{}&#8220; theme_builder_area=&#8220;post_content&#8220;]<\/p>\n<h3>Buche mich, um von meiner einzigartigen Expertise und meinem Engagement f\u00fcr Deinen Erfolg zu profitieren. Lass und gemeinsam Deine Herausforderungen meistern und gro\u00dfartige Ergebnisse erzielen. Kontaktiere mich, um mehr zu erfahren und zu besprechen, wie wir Deine Ziele ma\u00dfgeschneidert umsetzen k\u00f6nnen.<\/h3>\n<p>[\/et_pb_text][et_pb_divider _builder_version=&#8220;4.21.0&#8243; _module_preset=&#8220;default&#8220; global_colors_info=&#8220;{}&#8220;][\/et_pb_divider][\/et_pb_column][\/et_pb_row][\/et_pb_section][et_pb_section fb_built=&#8220;1&#8243; fullwidth=&#8220;on&#8220; disabled_on=&#8220;on|on|on&#8220; _builder_version=&#8220;4.21.0&#8243; _module_preset=&#8220;default&#8220; disabled=&#8220;on&#8220; global_colors_info=&#8220;{}&#8220;][et_pb_fullwidth_post_title _builder_version=&#8220;4.21.0&#8243; _module_preset=&#8220;default&#8220; global_colors_info=&#8220;{}&#8220;][\/et_pb_fullwidth_post_title][\/et_pb_section]<\/p>\n","protected":false},"excerpt":{"rendered":"<p>Vortrag, Beratung, Mentoring, Verhandlungsf\u00fchrung,Podiumsdiskussion, Moderation.\u201eHabe Mut, dich deines Verstandes zu bedienen.\u201cMein Ansatz basiert auf l\u00f6sungsorientiertem Denken, Inspiration und dem Austausch von Erfahrungen.Durch meine einzigartige Kombination aus Erfahrungen als Arbeiterkind, Fachanw\u00e4ltin f\u00fcr Arbeitsrecht und meiner Leidenschaft f\u00fcr die Selbst\u00e4ndigkeit habe ich die M\u00f6glichkeit, anderen Menschen dabei zu helfen, erfolgreich zu sein. Mit meinem Fachwissen, meiner F\u00e4higkeit [&hellip;]<\/p>\n","protected":false},"author":1,"featured_media":0,"parent":0,"menu_order":0,"comment_status":"closed","ping_status":"closed","template":"","meta":{"_et_pb_use_builder":"on","_et_pb_old_content":"","_et_gb_content_width":"","footnotes":""},"class_list":["post-178","page","type-page","status-publish","hentry"],"yoast_head":"<!-- This site is optimized with the Yoast SEO plugin v26.8 - https:\/\/yoast.com\/product\/yoast-seo-wordpress\/ -->\n<title>Kontakt - andrea belegante, macherin. rechtsanw\u00e4ltin<\/title>\n<meta name=\"robots\" content=\"index, follow, max-snippet:-1, max-image-preview:large, max-video-preview:-1\" \/>\n<link rel=\"canonical\" href=\"https:\/\/andrea-belegante.de\/?page_id=178\" \/>\n<meta property=\"og:locale\" content=\"de_DE\" \/>\n<meta property=\"og:type\" content=\"article\" \/>\n<meta property=\"og:title\" content=\"Kontakt - andrea belegante, macherin. rechtsanw\u00e4ltin\" \/>\n<meta property=\"og:description\" content=\"Vortrag, Beratung, Mentoring, Verhandlungsf\u00fchrung,Podiumsdiskussion, Moderation.\u201eHabe Mut, dich deines Verstandes zu bedienen.\u201cMein Ansatz basiert auf l\u00f6sungsorientiertem Denken, Inspiration und dem Austausch von Erfahrungen.Durch meine einzigartige Kombination aus Erfahrungen als Arbeiterkind, Fachanw\u00e4ltin f\u00fcr Arbeitsrecht und meiner Leidenschaft f\u00fcr die Selbst\u00e4ndigkeit habe ich die M\u00f6glichkeit, anderen Menschen dabei zu helfen, erfolgreich zu sein. Mit meinem Fachwissen, meiner F\u00e4higkeit [&hellip;]\" \/>\n<meta property=\"og:url\" content=\"https:\/\/andrea-belegante.de\/?page_id=178\" \/>\n<meta property=\"og:site_name\" content=\"andrea belegante, macherin. rechtsanw\u00e4ltin\" \/>\n<meta property=\"article:modified_time\" content=\"2023-06-13T17:13:11+00:00\" \/>\n<meta name=\"twitter:card\" content=\"summary_large_image\" \/>\n<meta name=\"twitter:label1\" content=\"Gesch\u00e4tzte Lesezeit\" \/>\n\t<meta name=\"twitter:data1\" content=\"11\u00a0Minuten\" \/>\n<script type=\"application\/ld+json\" class=\"yoast-schema-graph\">{\"@context\":\"https:\/\/schema.org\",\"@graph\":[{\"@type\":\"WebPage\",\"@id\":\"https:\/\/andrea-belegante.de\/?page_id=178\",\"url\":\"https:\/\/andrea-belegante.de\/?page_id=178\",\"name\":\"Kontakt - andrea belegante, macherin. rechtsanw\u00e4ltin\",\"isPartOf\":{\"@id\":\"https:\/\/andrea-belegante.de\/#website\"},\"datePublished\":\"2023-05-30T15:41:16+00:00\",\"dateModified\":\"2023-06-13T17:13:11+00:00\",\"breadcrumb\":{\"@id\":\"https:\/\/andrea-belegante.de\/?page_id=178#breadcrumb\"},\"inLanguage\":\"de\",\"potentialAction\":[{\"@type\":\"ReadAction\",\"target\":[\"https:\/\/andrea-belegante.de\/?page_id=178\"]}]},{\"@type\":\"BreadcrumbList\",\"@id\":\"https:\/\/andrea-belegante.de\/?page_id=178#breadcrumb\",\"itemListElement\":[{\"@type\":\"ListItem\",\"position\":1,\"name\":\"Startseite\",\"item\":\"https:\/\/andrea-belegante.de\/\"},{\"@type\":\"ListItem\",\"position\":2,\"name\":\"Kontakt\"}]},{\"@type\":\"WebSite\",\"@id\":\"https:\/\/andrea-belegante.de\/#website\",\"url\":\"https:\/\/andrea-belegante.de\/\",\"name\":\"andrea belegante, macherin. rechtsanw\u00e4ltin\",\"description\":\"Andrea Belegante: Vortrag, Beratung, Moderation\",\"potentialAction\":[{\"@type\":\"SearchAction\",\"target\":{\"@type\":\"EntryPoint\",\"urlTemplate\":\"https:\/\/andrea-belegante.de\/?s={search_term_string}\"},\"query-input\":{\"@type\":\"PropertyValueSpecification\",\"valueRequired\":true,\"valueName\":\"search_term_string\"}}],\"inLanguage\":\"de\"}]}<\/script>\n<!-- \/ Yoast SEO plugin. -->","yoast_head_json":{"title":"Kontakt - andrea belegante, macherin. rechtsanw\u00e4ltin","robots":{"index":"index","follow":"follow","max-snippet":"max-snippet:-1","max-image-preview":"max-image-preview:large","max-video-preview":"max-video-preview:-1"},"canonical":"https:\/\/andrea-belegante.de\/?page_id=178","og_locale":"de_DE","og_type":"article","og_title":"Kontakt - andrea belegante, macherin. rechtsanw\u00e4ltin","og_description":"Vortrag, Beratung, Mentoring, Verhandlungsf\u00fchrung,Podiumsdiskussion, Moderation.\u201eHabe Mut, dich deines Verstandes zu bedienen.\u201cMein Ansatz basiert auf l\u00f6sungsorientiertem Denken, Inspiration und dem Austausch von Erfahrungen.Durch meine einzigartige Kombination aus Erfahrungen als Arbeiterkind, Fachanw\u00e4ltin f\u00fcr Arbeitsrecht und meiner Leidenschaft f\u00fcr die Selbst\u00e4ndigkeit habe ich die M\u00f6glichkeit, anderen Menschen dabei zu helfen, erfolgreich zu sein. Mit meinem Fachwissen, meiner F\u00e4higkeit [&hellip;]","og_url":"https:\/\/andrea-belegante.de\/?page_id=178","og_site_name":"andrea belegante, macherin. rechtsanw\u00e4ltin","article_modified_time":"2023-06-13T17:13:11+00:00","twitter_card":"summary_large_image","twitter_misc":{"Gesch\u00e4tzte Lesezeit":"11\u00a0Minuten"},"schema":{"@context":"https:\/\/schema.org","@graph":[{"@type":"WebPage","@id":"https:\/\/andrea-belegante.de\/?page_id=178","url":"https:\/\/andrea-belegante.de\/?page_id=178","name":"Kontakt - andrea belegante, macherin. rechtsanw\u00e4ltin","isPartOf":{"@id":"https:\/\/andrea-belegante.de\/#website"},"datePublished":"2023-05-30T15:41:16+00:00","dateModified":"2023-06-13T17:13:11+00:00","breadcrumb":{"@id":"https:\/\/andrea-belegante.de\/?page_id=178#breadcrumb"},"inLanguage":"de","potentialAction":[{"@type":"ReadAction","target":["https:\/\/andrea-belegante.de\/?page_id=178"]}]},{"@type":"BreadcrumbList","@id":"https:\/\/andrea-belegante.de\/?page_id=178#breadcrumb","itemListElement":[{"@type":"ListItem","position":1,"name":"Startseite","item":"https:\/\/andrea-belegante.de\/"},{"@type":"ListItem","position":2,"name":"Kontakt"}]},{"@type":"WebSite","@id":"https:\/\/andrea-belegante.de\/#website","url":"https:\/\/andrea-belegante.de\/","name":"andrea belegante, macherin. rechtsanw\u00e4ltin","description":"Andrea Belegante: Vortrag, Beratung, Moderation","potentialAction":[{"@type":"SearchAction","target":{"@type":"EntryPoint","urlTemplate":"https:\/\/andrea-belegante.de\/?s={search_term_string}"},"query-input":{"@type":"PropertyValueSpecification","valueRequired":true,"valueName":"search_term_string"}}],"inLanguage":"de"}]}},"_links":{"self":[{"href":"https:\/\/andrea-belegante.de\/index.php?rest_route=\/wp\/v2\/pages\/178","targetHints":{"allow":["GET"]}}],"collection":[{"href":"https:\/\/andrea-belegante.de\/index.php?rest_route=\/wp\/v2\/pages"}],"about":[{"href":"https:\/\/andrea-belegante.de\/index.php?rest_route=\/wp\/v2\/types\/page"}],"author":[{"embeddable":true,"href":"https:\/\/andrea-belegante.de\/index.php?rest_route=\/wp\/v2\/users\/1"}],"replies":[{"embeddable":true,"href":"https:\/\/andrea-belegante.de\/index.php?rest_route=%2Fwp%2Fv2%2Fcomments&post=178"}],"version-history":[{"count":13,"href":"https:\/\/andrea-belegante.de\/index.php?rest_route=\/wp\/v2\/pages\/178\/revisions"}],"predecessor-version":[{"id":478,"href":"https:\/\/andrea-belegante.de\/index.php?rest_route=\/wp\/v2\/pages\/178\/revisions\/478"}],"wp:attachment":[{"href":"https:\/\/andrea-belegante.de\/index.php?rest_route=%2Fwp%2Fv2%2Fmedia&parent=178"}],"curies":[{"name":"wp","href":"https:\/\/api.w.org\/{rel}","templated":true}]}}